{"id":82,"date":"2022-10-31T14:21:27","date_gmt":"2022-10-31T13:21:27","guid":{"rendered":"https:\/\/lafratrie.be\/index.php\/about\/"},"modified":"2025-01-03T22:30:20","modified_gmt":"2025-01-03T21:30:20","slug":"about","status":"publish","type":"page","link":"https:\/\/lafratrie.be\/index.php\/about\/","title":{"rendered":"LES 3 FR\u00c8RES"},"content":{"rendered":"\t\t<div data-elementor-type=\"wp-page\" data-elementor-id=\"82\" class=\"elementor elementor-82\" data-elementor-post-type=\"page\">\n\t\t\t\t\t\t<section class=\"elementor-section elementor-top-section elementor-element elementor-element-e94127c elementor-section-full_width elementor-section-content-middle elementor-section-height-default elementor-section-height-default\" data-id=\"e94127c\" data-element_type=\"section\">\n\t\t\t\t\t\t<div class=\"elementor-container elementor-column-gap-no\">\n\t\t\t\t\t<div class=\"elementor-column elementor-col-100 elementor-top-column elementor-element elementor-element-334506e8\" data-id=\"334506e8\" data-element_type=\"column\" data-settings=\"{&quot;background_background&quot;:&quot;classic&quot;}\">\n\t\t\t<div class=\"elementor-widget-wrap elementor-element-populated\">\n\t\t\t\t\t\t<section class=\"elementor-section elementor-inner-section elementor-element elementor-element-2ccf7241 elementor-section-full_width elementor-section-height-default elementor-section-height-default\" data-id=\"2ccf7241\" data-element_type=\"section\">\n\t\t\t\t\t\t<div class=\"elementor-container elementor-column-gap-no\">\n\t\t\t\t\t<div class=\"elementor-column elementor-col-100 elementor-inner-column elementor-element elementor-element-3ab0b6fd\" data-id=\"3ab0b6fd\" data-element_type=\"column\">\n\t\t\t<div class=\"elementor-widget-wrap elementor-element-populated\">\n\t\t\t\t\t\t<div class=\"elementor-element elementor-element-5e4e0fbe animated-slow elementor-invisible elementor-widget elementor-widget-heading\" data-id=\"5e4e0fbe\" data-element_type=\"widget\" data-settings=\"{&quot;_animation&quot;:&quot;fadeInDown&quot;}\" data-widget_type=\"heading.default\">\n\t\t\t\t<div class=\"elementor-widget-container\">\n\t\t\t<p class=\"elementor-heading-title elementor-size-default\">bro<\/p>\t\t<\/div>\n\t\t\t\t<\/div>\n\t\t\t\t<div class=\"elementor-element elementor-element-230f65ab elementor-invisible elementor-widget elementor-widget-heading\" data-id=\"230f65ab\" data-element_type=\"widget\" data-settings=\"{&quot;_animation&quot;:&quot;fadeInUp&quot;}\" data-widget_type=\"heading.default\">\n\t\t\t\t<div class=\"elementor-widget-container\">\n\t\t\t<h1 class=\"elementor-heading-title elementor-size-default\">Les 3 fr\u00e8res<\/h1>\t\t<\/div>\n\t\t\t\t<\/div>\n\t\t\t\t\t<\/div>\n\t\t<\/div>\n\t\t\t\t\t<\/div>\n\t\t<\/section>\n\t\t\t\t\t<\/div>\n\t\t<\/div>\n\t\t\t\t\t<\/div>\n\t\t<\/section>\n\t\t\t\t<section class=\"elementor-section elementor-top-section elementor-element elementor-element-9f428f6 elementor-section-full_width elementor-section-content-middle elementor-section-height-default elementor-section-height-default\" data-id=\"9f428f6\" data-element_type=\"section\">\n\t\t\t\t\t\t<div class=\"elementor-container elementor-column-gap-no\">\n\t\t\t\t\t<div class=\"elementor-column elementor-col-100 elementor-top-column elementor-element elementor-element-8708745\" data-id=\"8708745\" data-element_type=\"column\" data-settings=\"{&quot;background_background&quot;:&quot;classic&quot;}\">\n\t\t\t<div class=\"elementor-widget-wrap elementor-element-populated\">\n\t\t\t\t\t\t<section class=\"elementor-section elementor-inner-section elementor-element elementor-element-659b46ad elementor-section-full_width elementor-section-height-default elementor-section-height-default\" data-id=\"659b46ad\" data-element_type=\"section\">\n\t\t\t\t\t\t<div class=\"elementor-container elementor-column-gap-no\">\n\t\t\t\t\t<div class=\"elementor-column elementor-col-100 elementor-inner-column elementor-element elementor-element-faf4abd\" data-id=\"faf4abd\" data-element_type=\"column\">\n\t\t\t<div class=\"elementor-widget-wrap elementor-element-populated\">\n\t\t\t\t\t\t<div class=\"elementor-element elementor-element-39feb0b elementor-widget elementor-widget-text-editor\" data-id=\"39feb0b\" data-element_type=\"widget\" data-widget_type=\"text-editor.default\">\n\t\t\t\t<div class=\"elementor-widget-container\">\n\t\t\t\t\t\t\t<p>\u201cLa Fratrie\u201d est compos\u00e9e de 3 fr\u00e8res, tous les trois passionn\u00e9s de basketball et anim\u00e9s par l\u2019envie de d\u00e9couvrir le monde mais aussi soucieux de la probl\u00e9matique \u00e9cologique.<\/p><p>Ils se sont toujours investis \u00e9norm\u00e9ment dans la vie de leur village depuis leur plus jeune \u00e2ge, que ce soit via le club des jeunes pour lequel ils ont g\u00e9r\u00e9 la pr\u00e9sidence et la tr\u00e9sorerie, mais aussi via le comit\u00e9 des f\u00eates de Framont (COFRA) pour lequel ils ont occup\u00e9 les m\u00eames r\u00f4les ces derni\u00e8res ann\u00e9es.<\/p><p>Ils am\u00e8nent chacun leur touche et leurs comp\u00e9tences \u00e0 ce projet.\u00a0<\/p><p>Nous avons une grosse consid\u00e9ration pour les enjeux \u00e9cologiques et que nous travaillons sur un mod\u00e8le allant vers cette transition \u00e9cologique.\u00a0<\/p>\t\t\t\t\t\t<\/div>\n\t\t\t\t<\/div>\n\t\t\t\t<div class=\"elementor-element elementor-element-07beceb elementor-widget elementor-widget-image\" data-id=\"07beceb\" data-element_type=\"widget\" data-widget_type=\"image.default\">\n\t\t\t\t<div class=\"elementor-widget-container\">\n\t\t\t\t\t\t\t\t\t\t<figure class=\"wp-caption\">\n\t\t\t\t\t\t\t\t\t\t<img fetchpriority=\"high\" decoding=\"async\" width=\"800\" height=\"523\" src=\"https:\/\/lafratrie.be\/wp-content\/uploads\/2023\/05\/344287413_840484283957575_8654930752487792146_n-1024x670.jpg\" class=\"attachment-large size-large wp-image-425\" alt=\"\" srcset=\"https:\/\/lafratrie.be\/wp-content\/uploads\/2023\/05\/344287413_840484283957575_8654930752487792146_n-1024x670.jpg 1024w, https:\/\/lafratrie.be\/wp-content\/uploads\/2023\/05\/344287413_840484283957575_8654930752487792146_n-300x196.jpg 300w, https:\/\/lafratrie.be\/wp-content\/uploads\/2023\/05\/344287413_840484283957575_8654930752487792146_n-768x503.jpg 768w, https:\/\/lafratrie.be\/wp-content\/uploads\/2023\/05\/344287413_840484283957575_8654930752487792146_n-1536x1005.jpg 1536w, https:\/\/lafratrie.be\/wp-content\/uploads\/2023\/05\/344287413_840484283957575_8654930752487792146_n.jpg 2048w\" sizes=\"(max-width: 800px) 100vw, 800px\" \/>\t\t\t\t\t\t\t\t\t\t\t<figcaption class=\"widget-image-caption wp-caption-text\">Photo prise lors du titre de champions de Saint-Hubert en 2023 lors du championnat P1 Messieurs.<\/figcaption>\n\t\t\t\t\t\t\t\t\t\t<\/figure>\n\t\t\t\t\t\t\t<\/div>\n\t\t\t\t<\/div>\n\t\t\t\t<div class=\"elementor-element elementor-element-5104469a elementor-widget elementor-widget-heading\" data-id=\"5104469a\" data-element_type=\"widget\" data-widget_type=\"heading.default\">\n\t\t\t\t<div class=\"elementor-widget-container\">\n\t\t\t<h3 class=\"elementor-heading-title elementor-size-default\">Amoureux du travail bien fait<\/h3>\t\t<\/div>\n\t\t\t\t<\/div>\n\t\t\t\t<div class=\"elementor-element elementor-element-2f5794d elementor-widget elementor-widget-text-editor\" data-id=\"2f5794d\" data-element_type=\"widget\" data-widget_type=\"text-editor.default\">\n\t\t\t\t<div class=\"elementor-widget-container\">\n\t\t\t\t\t\t\t<p>Petits-fils d\u2019agriculteur et fiers de l&rsquo;\u00eatre, nous restons profond\u00e9ment attach\u00e9s \u00e0 notre Ardenne natale. Notre famille nous a transmis des valeurs essentielles comme l&rsquo;authenticit\u00e9 et le respect. C\u2019est donc avec une immense fiert\u00e9 que nous nous sommes lanc\u00e9s dans cette aventure, sans aides particuli\u00e8res telles qu\u2019un h\u00e9ritage, un pr\u00eat familial ou un business angel. Nous avons investi toutes nos \u00e9conomies, mises de c\u00f4t\u00e9 pendant six ans avant de nous lancer. Gr\u00e2ce \u00e0 un travail acharn\u00e9 et une d\u00e9termination sans faille, nous avons r\u00e9ussi \u00e0 cr\u00e9er nos deux friteries.<\/p><p>Nous sommes fiers d&rsquo;avoir concr\u00e9tis\u00e9 ce projet sans appui financier familial, comme cela arrive souvent dans le monde de l&rsquo;entrepreneuriat. Bien que nous respections celles et ceux qui y parviennent avec le soutien de leurs proches, il \u00e9tait essentiel pour nous de r\u00e9ussir par nos propres moyens, quitte \u00e0 prendre des risques et \u00e0 conna\u00eetre des difficult\u00e9s financi\u00e8res pendant plusieurs mois. Nous avons v\u00e9ritablement exp\u00e9riment\u00e9 l&rsquo;expression \u00ab manger des p\u00e2tes \u00bb au d\u00e9but de notre aventure !<\/p><p>Attach\u00e9s \u00e0 nos racines, nous avons choisi de nous lancer \u00e0 Paliseul, la commune qui abrite notre village natal, Framont. Grands amateurs de frites et passionn\u00e9s par le travail bien fait, l\u2019id\u00e9e de cr\u00e9er une friterie \u00ab \u00e0 notre mani\u00e8re \u00bb a germ\u00e9 il y a quelques ann\u00e9es. Ensuite, c\u2019est naturellement vers Saint-Hubert que notre aventure s\u2019est poursuivie, une ville devenue notre terre d&rsquo;adoption gr\u00e2ce aux liens forts nou\u00e9s avec les Borquins au sein du club de basket (un titre de champions en P1 en 2023 avec Saint-Hubert pour Adrien et Cyril les a li\u00e9s \u00e9motionnellement \u00e0 vie avec le club de Saint-hubert).<\/p><p>D\u00e8s le d\u00e9part, nous avons structur\u00e9 notre projet autour de six valeurs fondamentales :<\/p><ol><li><strong>Proposer des frites de qualit\u00e9<\/strong>, pr\u00e9par\u00e9es avec des produits soigneusement s\u00e9lectionn\u00e9s.<\/li><li><strong>Offrir un accueil convivial<\/strong> et chaleureux \u00e0 notre client\u00e8le.<\/li><li><strong>Garantir une propret\u00e9 irr\u00e9prochable<\/strong> et des normes d\u2019hygi\u00e8ne rigoureuses.<\/li><li><strong>Valoriser le bien-\u00eatre du personnel<\/strong> et mettre l\u2019humain au c\u0153ur de nos pr\u00e9occupations.<\/li><li><strong>Soutenir les producteurs locaux<\/strong> en privil\u00e9giant le circuit court.<\/li><li><strong>R\u00e9duire notre impact \u00e9cologique<\/strong> en optimisant la gestion des d\u00e9chets et de l\u2019\u00e9nergie.<br \/><br \/><\/li><\/ol><p>Nous croyons fermement que ces principes font de nos friteries des lieux o\u00f9 la passion, la qualit\u00e9 et le respect s\u2019entrem\u00ealent pour offrir une exp\u00e9rience unique \u00e0 nos clients.<\/p>\t\t\t\t\t\t<\/div>\n\t\t\t\t<\/div>\n\t\t\t\t<div class=\"elementor-element elementor-element-536264 elementor-widget elementor-widget-heading\" data-id=\"536264\" data-element_type=\"widget\" data-widget_type=\"heading.default\">\n\t\t\t\t<div class=\"elementor-widget-container\">\n\t\t\t<h2 class=\"elementor-heading-title elementor-size-default\">Authenticit\u00e9<\/h2>\t\t<\/div>\n\t\t\t\t<\/div>\n\t\t\t\t<div class=\"elementor-element elementor-element-3cdd01dc elementor-widget elementor-widget-text-editor\" data-id=\"3cdd01dc\" data-element_type=\"widget\" data-widget_type=\"text-editor.default\">\n\t\t\t\t<div class=\"elementor-widget-container\">\n\t\t\t\t\t\t\t<p><strong>L\u2019authenticit\u00e9<\/strong> est l\u2019une des choses les plus importantes pour nous et c\u2019est ce que nous avons voulu insuffler dans ce projet; \u00e0 commencer par la d\u00e9coration et les fournisseurs avec lesquels nous avons travaill\u00e9;<\/p><ul><li>Des mat\u00e9riaux nobles (du bois &amp; du fer notamment)<\/li><li>Un design qui tend vers celui d\u2019un restaurant (des plans cr\u00e9\u00e9s gr\u00e2ce \u00e0 une architecte d\u2019int\u00e9rieur)<\/li><li>Des artisans et des fournisseurs qui proviennent toutes et tous de la r\u00e9gion.<\/li><\/ul><p><br \/>Par exemple, vous ne trouverez pas de plateaux en plastique qui viennent de l\u2019autre bout du monde dans notre friterie, nos plateaux sont en bois et proviennent de la boissellerie situ\u00e9e \u00e0 100 m\u00e8tres de la friterie de Paliseul.<\/p><p>Nous avons d\u00e9cid\u00e9 de mettre le budget pour bien faire les choses, pour cr\u00e9er un endroit o\u00f9 l\u2019on se sent bien et surtout pour soutenir l\u2019\u00e9conomie locale. C\u2019est dans cette lign\u00e9e \u00e9galement que nous essayons de proposer un maximum d\u2019alternatives avec des produits locaux car c\u2019est une cause qui nous tient \u00e0 c\u0153ur.<\/p><p>Notre volont\u00e9 est de faire \u00e9voluer notre carte petit \u00e0 petit pour maximiser l\u2019offre des artisans locaux.<\/p>\t\t\t\t\t\t<\/div>\n\t\t\t\t<\/div>\n\t\t\t\t<div class=\"elementor-element elementor-element-3788b6c elementor-widget elementor-widget-heading\" data-id=\"3788b6c\" data-element_type=\"widget\" data-widget_type=\"heading.default\">\n\t\t\t\t<div class=\"elementor-widget-container\">\n\t\t\t<h2 class=\"elementor-heading-title elementor-size-default\">Aussi avec notre soeur et notre maman<\/h2>\t\t<\/div>\n\t\t\t\t<\/div>\n\t\t\t\t<div class=\"elementor-element elementor-element-7cafd69 elementor-widget elementor-widget-text-editor\" data-id=\"7cafd69\" data-element_type=\"widget\" data-widget_type=\"text-editor.default\">\n\t\t\t\t<div class=\"elementor-widget-container\">\n\t\t\t\t\t\t\t<p>C&rsquo;est une histoire de famille qui ne se limite pas seulement aux 3 fr\u00e8res car notre maman, Bernadette, assure des services au sein des deux Fratries chaque semaine. Elle vient nous pr\u00eater main forte lors des gros services depuis le tout d\u00e9but de l&rsquo;aventure.\u00a0 C&rsquo;est le cas \u00e9galement de notre tante, Marie-Jeanne, qui vient servir une fois par semaine pour nous aider lors du gros service du vendredi midi.\u00a0<\/p><p>Notre grande soeur, Delphine, a \u00e9galement rejoint l&rsquo;aventure de La Fratrie\u00a0 apr\u00e8s une carri\u00e8re d&rsquo;une quinzaine d&rsquo;ann\u00e9es en tant que professeur de langues dans le secondaire. C&rsquo;est donc un atout de choix pour assurer un accueil chaleureux m\u00eame dans une autre langue que le fran\u00e7ais. Les touristes (et ils sont nombreux dans notre belle r\u00e9gion) qui sont accueillis aussi bien en n\u00e9erlandais ou en anglais.<\/p>\t\t\t\t\t\t<\/div>\n\t\t\t\t<\/div>\n\t\t\t\t\t<\/div>\n\t\t<\/div>\n\t\t\t\t\t<\/div>\n\t\t<\/section>\n\t\t\t\t\t<\/div>\n\t\t<\/div>\n\t\t\t\t\t<\/div>\n\t\t<\/section>\n\t\t\t\t<\/div>\n\t\t","protected":false},"excerpt":{"rendered":"<p>bro Les 3 fr\u00e8res \u201cLa Fratrie\u201d est compos\u00e9e de 3 fr\u00e8res, tous les trois passionn\u00e9s de basketball et anim\u00e9s par l\u2019envie de d\u00e9couvrir le monde mais aussi soucieux de la probl\u00e9matique \u00e9cologique. Ils se sont toujours investis \u00e9norm\u00e9ment dans la vie de leur village depuis leur plus jeune \u00e2ge, que ce soit via le club [&hellip;]<\/p>\n","protected":false},"author":1,"featured_media":88,"parent":0,"menu_order":0,"comment_status":"closed","ping_status":"closed","template":"elementor_header_footer","meta":{"footnotes":""},"class_list":["post-82","page","type-page","status-publish","has-post-thumbnail","hentry"],"_links":{"self":[{"href":"https:\/\/lafratrie.be\/index.php\/wp-json\/wp\/v2\/pages\/82","targetHints":{"allow":["GET"]}}],"collection":[{"href":"https:\/\/lafratrie.be\/index.php\/wp-json\/wp\/v2\/pages"}],"about":[{"href":"https:\/\/lafratrie.be\/index.php\/wp-json\/wp\/v2\/types\/page"}],"author":[{"embeddable":true,"href":"https:\/\/lafratrie.be\/index.php\/wp-json\/wp\/v2\/users\/1"}],"replies":[{"embeddable":true,"href":"https:\/\/lafratrie.be\/index.php\/wp-json\/wp\/v2\/comments?post=82"}],"version-history":[{"count":91,"href":"https:\/\/lafratrie.be\/index.php\/wp-json\/wp\/v2\/pages\/82\/revisions"}],"predecessor-version":[{"id":756,"href":"https:\/\/lafratrie.be\/index.php\/wp-json\/wp\/v2\/pages\/82\/revisions\/756"}],"wp:featuredmedia":[{"embeddable":true,"href":"https:\/\/lafratrie.be\/index.php\/wp-json\/wp\/v2\/media\/88"}],"wp:attachment":[{"href":"https:\/\/lafratrie.be\/index.php\/wp-json\/wp\/v2\/media?parent=82"}],"curies":[{"name":"wp","href":"https:\/\/api.w.org\/{rel}","templated":true}]}}